{"id":7971,"date":"2021-03-16T12:01:45","date_gmt":"2021-03-16T11:01:45","guid":{"rendered":"https:\/\/fgv-rental.de\/?page_id=7971"},"modified":"2021-03-25T11:04:40","modified_gmt":"2021-03-25T10:04:40","slug":"canon-eos-5d-mark-iii-d","status":"publish","type":"page","link":"https:\/\/fgv-rental.de\/index.php\/canon-eos-5d-mark-iii-d\/","title":{"rendered":"Canon EOS 5D Mark III &#8211; D"},"content":{"rendered":"\t\t<div data-elementor-type=\"wp-page\" data-elementor-id=\"7971\" class=\"elementor elementor-7971\" data-elementor-post-type=\"page\">\n\t\t\t\t\t\t<section class=\"elementor-section elementor-top-section elementor-element elementor-element-6913981 elementor-section-boxed elementor-section-height-default elementor-section-height-default\" data-id=\"6913981\" data-element_type=\"section\">\n\t\t\t\t\t\t<div class=\"elementor-container elementor-column-gap-default\">\n\t\t\t\t\t<div class=\"elementor-column elementor-col-50 elementor-top-column elementor-element elementor-element-0c9006b\" data-id=\"0c9006b\" data-element_type=\"column\">\n\t\t\t<div class=\"elementor-widget-wrap elementor-element-populated\">\n\t\t\t\t\t\t<div class=\"elementor-element elementor-element-0cc9f87 elementor-widget elementor-widget-text-editor\" data-id=\"0cc9f87\" data-element_type=\"widget\" data-widget_type=\"text-editor.default\">\n\t\t\t\t<div class=\"elementor-widget-container\">\n\t\t\t\t\t\t\t<p><img fetchpriority=\"high\" decoding=\"async\" class=\"alignnone wp-image-7976 size-full\" src=\"https:\/\/fgv-rental.de\/wp-content\/uploads\/Canon-EOS-5D-Mark-III.png\" alt=\"\" width=\"1000\" height=\"780\" srcset=\"https:\/\/fgv-rental.de\/wp-content\/uploads\/Canon-EOS-5D-Mark-III.png 1000w, https:\/\/fgv-rental.de\/wp-content\/uploads\/Canon-EOS-5D-Mark-III-300x234.png 300w, https:\/\/fgv-rental.de\/wp-content\/uploads\/Canon-EOS-5D-Mark-III-768x599.png 768w, https:\/\/fgv-rental.de\/wp-content\/uploads\/Canon-EOS-5D-Mark-III-600x468.png 600w\" sizes=\"(max-width: 1000px) 100vw, 1000px\" \/><\/p><pre class=\"D-QcMBXkOs9OFLIHLo84w LahTcDlcICo_w_Kg_P6i8 _36cLwvU1ZhHIGgdvLqXAFH U5z0doOQHKgMk9sFCswgM _1yqu_o_NFL7Lpo44lQPEhd\"><strong>Canon EOS 5D Mark III<\/strong><br \/><br \/>2 Akkus, <br \/>Ladeger\u00e4t<\/pre>\t\t\t\t\t\t<\/div>\n\t\t\t\t<\/div>\n\t\t\t\t\t<\/div>\n\t\t<\/div>\n\t\t\t\t<div class=\"elementor-column elementor-col-50 elementor-top-column elementor-element elementor-element-5705c92\" data-id=\"5705c92\" data-element_type=\"column\">\n\t\t\t<div class=\"elementor-widget-wrap elementor-element-populated\">\n\t\t\t\t\t\t<div class=\"elementor-element elementor-element-49755a2 elementor-widget elementor-widget-text-editor\" data-id=\"49755a2\" data-element_type=\"widget\" data-widget_type=\"text-editor.default\">\n\t\t\t\t<div class=\"elementor-widget-container\">\n\t\t\t\t\t\t\t<div class=\"KmjcvTxm6QAzH-Nszkh-m\"><div class=\"KmjcvTxm6QAzH-Nszkh-m\"><h2 class=\"D-QcMBXkOs9OFLIHLo84w LahTcDlcICo_w_Kg_P6i8 _36cLwvU1ZhHIGgdvLqXAFH U5z0doOQHKgMk9sFCswgM _1yqu_o_NFL7Lpo44lQPEhd\">Canon EOS 5D Mark III: Technische Details<\/h2><ul class=\"icEAdXPcKgFqrw7gnMYbo\"><li><strong>Modell :<\/strong> EOS 5D Mark III<\/li><li><strong>Megapixel :<\/strong> 22<\/li><li><strong>Aufl\u00f6sung :<\/strong> 1.040.000<\/li><li><strong>Farbe :<\/strong> Schwarz<\/li><li><strong>Kamera-Typ :<\/strong> Spiegelreflexkamera<\/li><li><strong>Bildstabilisator :<\/strong> Ja<\/li><li><strong>Nur Geh\u00e4use :<\/strong> Ja<\/li><li><strong>Marke des Kameraobjektivs :<\/strong> Canon<\/li><li><strong>Objektiv eingeschlossen :<\/strong> Nein<\/li><li><strong>Typ der SD-Karte :<\/strong> SD<\/li><li><strong>Sensorformat :<\/strong> Andere<\/li><li><strong>HDMI-Ausgang :<\/strong> mini HDMI<\/li><li><strong>Marke :<\/strong> Canon<\/li><li><strong>Gewicht :<\/strong> 950 g<\/li><\/ul><\/div><\/div>\t\t\t\t\t\t<\/div>\n\t\t\t\t<\/div>\n\t\t\t\t\t<\/div>\n\t\t<\/div>\n\t\t\t\t\t<\/div>\n\t\t<\/section>\n\t\t\t\t<\/div>\n\t\t","protected":false},"excerpt":{"rendered":"<p>Canon EOS 5D Mark III2 Akkus, Ladeger\u00e4t Canon EOS 5D Mark III: Technische Details Modell : EOS 5D Mark III Megapixel : 22 Aufl\u00f6sung : 1.040.000 Farbe : Schwarz Kamera-Typ : Spiegelreflexkamera Bildstabilisator : Ja Nur Geh\u00e4use : Ja Marke des Kameraobjektivs : Canon Objektiv eingeschlossen : Nein Typ der SD-Karte : SD Sensorformat : &#8230; <a title=\"Canon EOS 5D Mark III &#8211; D\" class=\"read-more\" href=\"https:\/\/fgv-rental.de\/index.php\/canon-eos-5d-mark-iii-d\/\" aria-label=\"More on Canon EOS 5D Mark III &#8211; D\">Read more<\/a><\/p>\n","protected":false},"author":3,"featured_media":0,"parent":0,"menu_order":0,"comment_status":"closed","ping_status":"closed","template":"","meta":{"generate_page_header":"","footnotes":""},"class_list":["post-7971","page","type-page","status-publish"],"aioseo_notices":[],"_links":{"self":[{"href":"https:\/\/fgv-rental.de\/index.php\/wp-json\/wp\/v2\/pages\/7971","targetHints":{"allow":["GET"]}}],"collection":[{"href":"https:\/\/fgv-rental.de\/index.php\/wp-json\/wp\/v2\/pages"}],"about":[{"href":"https:\/\/fgv-rental.de\/index.php\/wp-json\/wp\/v2\/types\/page"}],"author":[{"embeddable":true,"href":"https:\/\/fgv-rental.de\/index.php\/wp-json\/wp\/v2\/users\/3"}],"replies":[{"embeddable":true,"href":"https:\/\/fgv-rental.de\/index.php\/wp-json\/wp\/v2\/comments?post=7971"}],"version-history":[{"count":8,"href":"https:\/\/fgv-rental.de\/index.php\/wp-json\/wp\/v2\/pages\/7971\/revisions"}],"predecessor-version":[{"id":9043,"href":"https:\/\/fgv-rental.de\/index.php\/wp-json\/wp\/v2\/pages\/7971\/revisions\/9043"}],"wp:attachment":[{"href":"https:\/\/fgv-rental.de\/index.php\/wp-json\/wp\/v2\/media?parent=7971"}],"curies":[{"name":"wp","href":"https:\/\/api.w.org\/{rel}","templated":true}]}}